{"id":2990,"date":"2025-02-20T15:40:08","date_gmt":"2025-02-20T14:40:08","guid":{"rendered":"https:\/\/www.domainesainteveziane.com\/toerisme-herault\/kamperen-marseillan\/"},"modified":"2025-03-21T11:55:34","modified_gmt":"2025-03-21T10:55:34","slug":"kamperen-marseillan","status":"publish","type":"page","link":"https:\/\/www.domainesainteveziane.com\/nl\/toerisme-herault\/kamperen-marseillan\/","title":{"rendered":"Marseillan"},"content":{"rendered":"\n<section class=\"wp-block-group page-one has-link-color wp-elements-47ed75655daf1267b108ec7dc63334a9 is-layout-flow wp-block-group-is-layout-flow\" style=\"margin-top:var(--wp--preset--spacing--50);margin-bottom:var(--wp--preset--spacing--50)\">\n<h1 class=\"wp-block-heading has-text-align-center\">Toerisme in Marseillan <br\/><span><mark style=\"background-color:rgba(0, 0, 0, 0)\" class=\"has-inline-color has-custom-color-3-color\">in de buurt van onze camping<\/mark><\/span><\/h1>\n\n\n\n<p class=\"has-text-align-center\" style=\"padding-top:var(--wp--preset--spacing--40);padding-right:30rem;padding-left:30rem\">Marseillan, niet ver van <a href=\"https:\/\/www.domainesainteveziane.com\/tourisme-herault\/agde-et-cap-dagde\/\" data-type=\"page\" data-id=\"330\">Cap d&#8217;Agde<\/a> en genesteld aan de rand van het Etang du Thau, is een klein stadje in Frankrijk, gelegen in de <a href=\"https:\/\/www.domainesainteveziane.com\/tourisme-herault\/\" data-type=\"page\" data-id=\"42\">regio Occitanie in het departement H\u00e9rault<\/a>. Het heeft een mediterraan klimaat, met<strong> zachte winters <\/strong>en <strong>majestueuze zonneschijn<\/strong>. Het dorp staat vol met belangrijke monumenten en historische plaatsen die getuigen van zijn rijke verleden. <strong>De stranden aan zee<\/strong>, de heldere rivieren, het schilderachtige landschap en de schone lucht nodigen uit tot ontspanning. De cultuur, de wijngaarden en de smaak van de gerechten zullen je niet onverschillig laten. Als je een bijzondere vakantie wilt doorbrengen op een plek die een heerlijke cocktail van rust, schoonheid en rijke geschiedenis biedt, overweeg dan een verblijf op onze <a href=\"https:\/\/www.domainesainteveziane.com\/nl\/\" data-type=\"page\" data-id=\"8\">camping in de buurt van Vias<\/a>, Le Domaine Saint V\u00e9ziane, in <a href=\"https:\/\/www.domainesainteveziane.com\/tourisme-herault\/bessan\/\" data-type=\"page\" data-id=\"358\">Bessan<\/a> (34), een gastvrije en ontspannen plek. Een verandering van omgeving gegarandeerd.      <\/p>\n<\/section>\n\n<section class=\"wp-block-group home-third page-two is-layout-flow wp-block-group-is-layout-flow\" style=\"margin-top:var(--wp--preset--spacing--50);margin-bottom:var(--wp--preset--spacing--50)\">\n<div class=\"wp-block-columns has-custom-color-2-background-color has-background is-layout-flex wp-container-core-columns-is-layout-28f84493 wp-block-columns-is-layout-flex\">\n<div class=\"wp-block-column is-layout-flow wp-block-column-is-layout-flow\" style=\"flex-basis:50%\">\n<div data-swiper=\"{&quot;speed&quot;:400,&quot;spaceBetween&quot;:15,&quot;slidesPerView&quot;:1,&quot;createElements&quot;:true,&quot;loop&quot;:true,&quot;freemode&quot;:true,&quot;navigation&quot;:{&quot;nextEl&quot;:&quot;buttonNext&quot;,&quot;prevEl&quot;:&quot;buttonPrev&quot;},&quot;breakpoints&quot;:[{&quot;slidesPerView&quot;:1}],&quot;pagination&quot;:false,&quot;parallax&quot;:true,&quot;autoplay&quot;:{&quot;delay&quot;:3500}}\" class=\"wp-block-group left gt-is-slider gt-is-slider-desktop has-global-padding is-content-justification-left is-layout-constrained wp-container-core-group-is-layout-16a8afda wp-block-group-is-layout-constrained\" style=\"padding-top:0;padding-bottom:0\">\n<figure class=\"wp-block-image size-full\"><img decoding=\"async\" width=\"2000\" height=\"1450\" src=\"https:\/\/www.domainesainteveziane.com\/wp-content\/uploads\/sites\/4\/2025\/03\/visite-de-marseillan.jpg\" alt=\"bezoek aan marseillan\" class=\"wp-image-1591\" srcset=\"https:\/\/www.domainesainteveziane.com\/wp-content\/uploads\/sites\/4\/2025\/03\/visite-de-marseillan.jpg 2000w, https:\/\/www.domainesainteveziane.com\/wp-content\/uploads\/sites\/4\/2025\/03\/visite-de-marseillan-300x218.jpg 300w, https:\/\/www.domainesainteveziane.com\/wp-content\/uploads\/sites\/4\/2025\/03\/visite-de-marseillan-1024x742.jpg 1024w, https:\/\/www.domainesainteveziane.com\/wp-content\/uploads\/sites\/4\/2025\/03\/visite-de-marseillan-768x557.jpg 768w, https:\/\/www.domainesainteveziane.com\/wp-content\/uploads\/sites\/4\/2025\/03\/visite-de-marseillan-1536x1114.jpg 1536w\" sizes=\"(max-width: 2000px) 100vw, 2000px\" \/><\/figure>\n\n\n\n<figure class=\"wp-block-image size-full has-custom-border\"><img decoding=\"async\" width=\"1000\" height=\"700\" src=\"https:\/\/www.domainesainteveziane.com\/wp-content\/uploads\/sites\/4\/2025\/03\/boire-du-vin-a-agde-1.jpg\" alt=\"wijn drinken in agde\" class=\"wp-image-1594\" style=\"border-bottom-left-radius:0px\" srcset=\"https:\/\/www.domainesainteveziane.com\/wp-content\/uploads\/sites\/4\/2025\/03\/boire-du-vin-a-agde-1.jpg 1000w, https:\/\/www.domainesainteveziane.com\/wp-content\/uploads\/sites\/4\/2025\/03\/boire-du-vin-a-agde-1-300x210.jpg 300w, https:\/\/www.domainesainteveziane.com\/wp-content\/uploads\/sites\/4\/2025\/03\/boire-du-vin-a-agde-1-768x538.jpg 768w\" sizes=\"(max-width: 1000px) 100vw, 1000px\" \/><\/figure>\n<\/div>\n<\/div>\n\n\n\n<div class=\"wp-block-column is-layout-flow wp-block-column-is-layout-flow\" style=\"flex-basis:50%\">\n<div class=\"wp-block-group right has-global-padding is-content-justification-left is-layout-constrained wp-container-core-group-is-layout-12dd3699 wp-block-group-is-layout-constrained\">\n<div class=\"wp-block-group h2-container has-global-padding is-layout-constrained wp-block-group-is-layout-constrained\">\n<h2 class=\"wp-block-heading has-base-2-background-color has-background\" style=\"padding-top:var(--wp--preset--spacing--50);padding-bottom:var(--wp--preset--spacing--30);padding-left:var(--wp--preset--spacing--50)\"><mark style=\"background-color:rgba(0, 0, 0, 0)\" class=\"has-inline-color has-custom-color-3-color\">Ontdek<\/mark> Marseillan, het wonder van Occitani\u00eb<\/h2>\n<\/div>\n\n\n\n<div class=\"wp-block-group bottom has-link-color wp-elements-47747008e5166044e9e918efec8b4b3d has-global-padding is-layout-constrained wp-container-core-group-is-layout-18c45ae5 wp-block-group-is-layout-constrained\" style=\"padding-top:0;padding-right:15rem;padding-bottom:0;padding-left:var(--wp--preset--spacing--50)\">\n<p>Schelpdierenteelt, wijnbouw en toerisme zijn de <strong>belangrijkste activiteiten <\/strong>van de gemeente. Vooral de <strong>wijnhandel <\/strong>heeft bijgedragen aan de economische ontwikkeling van Marseillan. Als je een wijnliefhebber bent, kun je hier je hart ophalen. Er is een ruim aanbod aan sterke dranken.   <\/p>\n\n\n    <div id=\"gt-fse-lire-plus-69f3ac40757a3\" class=\"gt-fse-lire-plus\" data-min-height=\"130\" style=\"background-color: #f7f4f1;\">\n        <input id=\"gt-fse-lire-plus-69f3ac40757a3-toggle\" type=\"checkbox\" class=\"gt-fse-lire-plus__toggle\" \/>\n        <label for=\"gt-fse-lire-plus-69f3ac40757a3-toggle\" class=\"gt-fse-lire-plus__toggle-label\">\n            <span>Meer lezen<\/span>\n            <span>Minder lezen<\/span>\n        <\/label>\n        <div class=\"gt-fse-lire-plus__content\" style=\"height: 130px;\">\n            \n\n<p>Marseillan werd ooit overheerst door de Romeinen, de Visigoten, de Godsdienstoorlogen en de Grieken, en is erin geslaagd om zijn verleden af te drukken op zijn architectuur. Het is sterk gemarkeerd door de aanwezigheid van gebouwen, monumenten en plaatsen uit de oudheid, waaronder het standbeeld van de Republiek, de oude burgerhuizen en de oude straten.   <\/p>\n\n\n\n<p>Er is ook het overdekte plein, de Marianne, de haven en de wijnkelders, het Henri Maurain-theater, enz. De stad is verdeeld in <strong>twee hoofdwijken:<\/strong> Marseillan-Plage en Marseillan-ville, gescheiden door het<a href=\"https:\/\/www.domainesainteveziane.com\/tourisme-herault\/camping-etang-de-thau\/\" data-type=\"page\" data-id=\"354\">Etang de Thau<\/a>. <\/p>\n\n\n\n<p>De straten van de stad zijn vrij klein en kronkelig. <strong>Marseillan-plage<\/strong> ligt in het <strong>zuidelijke <\/strong>deel van <strong>de stad <\/strong>en strekt zich uit langs het strand, dicht bij de haven. Hier staan een aantal nieuwe gebouwen en campings. Ideaal om accommodatie te vinden voor je verblijf. <strong>Marseillan-ville<\/strong> ligt aan de andere kant van de stad, tussen de kerk Saint-Jean-Baptiste, het stadhuis en het overdekte plein. De gebouwen zijn oud, maar die in het hart van de stad zijn recenter.      <\/p>\n\n\n\n<p>Het mediterrane klimaat van Marseillan is ideaal om te ontspannen en de cultuur (erfgoed) is fascinerend. Naast de getuigenis van het verleden van Marseillan (sites en monumenten), verwelkomt het dorp je in zijn natuurlijke omgeving. Het landschap is <strong>prachtig<\/strong>. De fijne zandstranden, het heldere turquoise water, de blauwe reigers, het ongerepte natuurgebied en de vijver van de Bahama&#8217;s zullen uw verblijf verrijken.    <\/p>\n\n\n\n<p>Voor een klein stadje heeft Marseillan veel te bieden op het gebied van toeristische attracties, natuurschoon en culinaire hoogstandjes. Daarnaast zijn er genoeg kades waar je de boten kunt zien aanmeren en het kabbelen van het water is heerlijk om te horen. Kortom, Marseillan is een <strong>kleurrijk dorp<\/strong> met een vriendelijke bevolking.  <\/p>\n\n            <div class=\"gt-fse-lire-plus__gradient\" style=\"background: linear-gradient(to bottom,rgba(247,244,241,0) 0%,rgba(247,244,241,1) 100%);\"><\/div>\n        <\/div>\n    <\/div>\n    <\/div>\n<\/div>\n<\/div>\n<\/div>\n\n\n\n<p class=\"h1-like\">om te <span>bezoeken<\/span> <\/p>\n<\/section>\n\n<section class=\"wp-block-group home-third page-two reverse is-layout-flow wp-block-group-is-layout-flow\">\n<div class=\"wp-block-columns has-custom-color-2-background-color has-background is-layout-flex wp-container-core-columns-is-layout-e477a36d wp-block-columns-is-layout-flex\" style=\"padding-bottom:var(--wp--preset--spacing--60)\">\n<div class=\"wp-block-column is-layout-flow wp-block-column-is-layout-flow\" style=\"flex-basis:50%\">\n<div class=\"wp-block-group right has-global-padding is-content-justification-center is-layout-constrained wp-block-group-is-layout-constrained\">\n<div class=\"wp-block-group h2-container has-global-padding is-layout-constrained wp-block-group-is-layout-constrained\">\n<h2 class=\"wp-block-heading has-base-2-background-color has-background\" style=\"padding-top:var(--wp--preset--spacing--50);padding-right:var(--wp--preset--spacing--10);padding-bottom:0;padding-left:var(--wp--preset--spacing--50)\"><mark style=\"background-color:rgba(0, 0, 0, 0)\" class=\"has-inline-color has-custom-color-3-color\">Logeren in Marseillan:<\/mark> plaatsen en sites om te bezoeken<\/h2>\n<\/div>\n\n\n\n<div class=\"wp-block-group bottom has-global-padding is-layout-constrained wp-container-core-group-is-layout-a796f9df wp-block-group-is-layout-constrained\" style=\"padding-top:0;padding-right:10rem;padding-bottom:0;padding-left:var(--wp--preset--spacing--50)\">\n<p>Als je besluit je koffers neer te zetten in Marseillan voor een <strong>verblijf <\/strong>of een <strong>vakantie<\/strong>, zijn er een aantal plekken die je niet mag missen.  <\/p>\n\n\n\n<p>Dat niet doen zou hetzelfde zijn als naar Parijs gaan zonder de Eiffeltoren te zien of naar New York gaan zonder het Vrijheidsbeeld te zien. Laten we eens kijken naar de plaatsen en monumenten die je in Marseillan kunt bezoeken. <\/p>\n\n\n\n<h3 class=\"wp-block-heading has-large-font-size\" style=\"font-style:normal;font-weight:100\"><mark style=\"background-color:rgba(0, 0, 0, 0)\" class=\"has-inline-color has-custom-color-3-color\">Het historische<\/mark> overdekte marktplein<\/h3>\n\n\n\n<p>Het <strong>overdekte plein<\/strong> heeft een speciale plaats in de geschiedenis van Marseillan. Het werd gebouwd in 1310 en was destijds bedekt met hout.   <\/p>\n\n\n\n<p>Later werd het bedekt met <strong>vulkanische steen uit Agde<\/strong> en een Venetiaans vakwerk. Het heeft verschillende renovaties ondergaan en is het belangrijkste punt van attractie tijdens marktdagen en grote bijeenkomsten zoals festivals. Een must-see dus.  <\/p>\n<\/div>\n<\/div>\n<\/div>\n\n\n\n<div class=\"wp-block-column is-layout-flow wp-block-column-is-layout-flow\" style=\"flex-basis:50%\">\n<div class=\"wp-block-group left is-layout-flow wp-block-group-is-layout-flow\" style=\"padding-top:0;padding-bottom:0\">\n<figure class=\"wp-block-image size-full has-custom-border\"><img decoding=\"async\" width=\"900\" height=\"500\" src=\"https:\/\/www.domainesainteveziane.com\/wp-content\/uploads\/sites\/4\/2025\/03\/port-de-marseillan.jpg\" alt=\"haven van marseillan\" class=\"wp-image-1598\" style=\"border-bottom-left-radius:150px;aspect-ratio:4\/3;object-fit:cover\" srcset=\"https:\/\/www.domainesainteveziane.com\/wp-content\/uploads\/sites\/4\/2025\/03\/port-de-marseillan.jpg 900w, https:\/\/www.domainesainteveziane.com\/wp-content\/uploads\/sites\/4\/2025\/03\/port-de-marseillan-300x167.jpg 300w, https:\/\/www.domainesainteveziane.com\/wp-content\/uploads\/sites\/4\/2025\/03\/port-de-marseillan-768x427.jpg 768w\" sizes=\"(max-width: 900px) 100vw, 900px\" \/><\/figure>\n<\/div>\n<\/div>\n<\/div>\n\n\n\n<div class=\"wp-block-columns has-custom-color-2-background-color has-background is-layout-flex wp-container-core-columns-is-layout-616294e8 wp-block-columns-is-layout-flex\" style=\"margin-top:0px;padding-top:0\">\n<div class=\"wp-block-column is-layout-flow wp-block-column-is-layout-flow\" style=\"flex-basis:50%\">\n<div data-swiper=\"{&quot;speed&quot;:400,&quot;spaceBetween&quot;:15,&quot;slidesPerView&quot;:1,&quot;createElements&quot;:true,&quot;loop&quot;:true,&quot;freemode&quot;:true,&quot;navigation&quot;:{&quot;nextEl&quot;:&quot;buttonNext&quot;,&quot;prevEl&quot;:&quot;buttonPrev&quot;},&quot;breakpoints&quot;:[{&quot;slidesPerView&quot;:1}],&quot;pagination&quot;:false,&quot;parallax&quot;:true,&quot;autoplay&quot;:{&quot;delay&quot;:3500}}\" class=\"wp-block-group left gt-is-slider gt-is-slider-desktop has-global-padding is-content-justification-center is-layout-constrained wp-block-group-is-layout-constrained\" style=\"padding-top:0;padding-bottom:0\">\n<figure class=\"wp-block-image size-full has-custom-border\"><img decoding=\"async\" width=\"2000\" height=\"1450\" src=\"https:\/\/www.domainesainteveziane.com\/wp-content\/uploads\/sites\/4\/2025\/02\/vacances-en-camping-proche-du-canal-du-midi.jpg\" alt=\"campingvakantie in de buurt van canal du midi\" class=\"wp-image-449\" style=\"border-top-right-radius:150px\" srcset=\"https:\/\/www.domainesainteveziane.com\/wp-content\/uploads\/sites\/4\/2025\/02\/vacances-en-camping-proche-du-canal-du-midi.jpg 2000w, https:\/\/www.domainesainteveziane.com\/wp-content\/uploads\/sites\/4\/2025\/02\/vacances-en-camping-proche-du-canal-du-midi-300x218.jpg 300w, https:\/\/www.domainesainteveziane.com\/wp-content\/uploads\/sites\/4\/2025\/02\/vacances-en-camping-proche-du-canal-du-midi-1024x742.jpg 1024w, https:\/\/www.domainesainteveziane.com\/wp-content\/uploads\/sites\/4\/2025\/02\/vacances-en-camping-proche-du-canal-du-midi-768x557.jpg 768w, https:\/\/www.domainesainteveziane.com\/wp-content\/uploads\/sites\/4\/2025\/02\/vacances-en-camping-proche-du-canal-du-midi-1536x1114.jpg 1536w\" sizes=\"(max-width: 2000px) 100vw, 2000px\" \/><\/figure>\n\n\n\n<figure class=\"wp-block-image size-full has-custom-border\"><img decoding=\"async\" width=\"2000\" height=\"1450\" src=\"https:\/\/www.domainesainteveziane.com\/wp-content\/uploads\/sites\/4\/2025\/03\/sentiers-a-velo-proche-du-canal-du-midi.jpg\" alt=\"fietspaden in de buurt van het canal du midi\" class=\"wp-image-1037\" style=\"border-top-right-radius:150px\" srcset=\"https:\/\/www.domainesainteveziane.com\/wp-content\/uploads\/sites\/4\/2025\/03\/sentiers-a-velo-proche-du-canal-du-midi.jpg 2000w, https:\/\/www.domainesainteveziane.com\/wp-content\/uploads\/sites\/4\/2025\/03\/sentiers-a-velo-proche-du-canal-du-midi-300x218.jpg 300w, https:\/\/www.domainesainteveziane.com\/wp-content\/uploads\/sites\/4\/2025\/03\/sentiers-a-velo-proche-du-canal-du-midi-1024x742.jpg 1024w, https:\/\/www.domainesainteveziane.com\/wp-content\/uploads\/sites\/4\/2025\/03\/sentiers-a-velo-proche-du-canal-du-midi-768x557.jpg 768w, https:\/\/www.domainesainteveziane.com\/wp-content\/uploads\/sites\/4\/2025\/03\/sentiers-a-velo-proche-du-canal-du-midi-1536x1114.jpg 1536w\" sizes=\"(max-width: 2000px) 100vw, 2000px\" \/><\/figure>\n<\/div>\n<\/div>\n\n\n\n<div class=\"wp-block-column is-vertically-aligned-center is-layout-flow wp-block-column-is-layout-flow\" style=\"flex-basis:50%\">\n<div class=\"wp-block-group right has-global-padding is-content-justification-left is-layout-constrained wp-container-core-group-is-layout-12dd3699 wp-block-group-is-layout-constrained\">\n<div class=\"wp-block-group h2-container has-global-padding is-layout-constrained wp-block-group-is-layout-constrained\">\n<h3 class=\"wp-block-heading has-large-font-size\" style=\"padding-top:var(--wp--preset--spacing--50);padding-right:var(--wp--preset--spacing--10);padding-bottom:0;padding-left:var(--wp--preset--spacing--50);font-style:normal;font-weight:100\"><mark style=\"background-color:rgba(0, 0, 0, 0)\" class=\"has-inline-color has-custom-color-3-color\">Het Canal<\/mark> du Midi<\/h3>\n<\/div>\n\n\n\n<div class=\"wp-block-group bottom has-link-color wp-elements-246cb4b5bb1adde077686324e4d68042 has-global-padding is-layout-constrained wp-container-core-group-is-layout-a796f9df wp-block-group-is-layout-constrained\" style=\"padding-top:0;padding-right:10rem;padding-bottom:0;padding-left:var(--wp--preset--spacing--50)\">\n<p>Het <a href=\"https:\/\/www.domainesainteveziane.com\/tourisme-herault\/canal-du-midi-beziers\/\" data-type=\"page\" data-id=\"334\">Canal du Midi van B\u00e9ziers<\/a> strekt zich helemaal uit tot de lagune van Thau tegenover de <a href=\"https:\/\/www.marseillan-tourisme.com\/pointe-des-onglous.html\" data-type=\"link\" data-id=\"https:\/\/www.marseillan-tourisme.com\/pointe-des-onglous.html\" target=\"_blank\" rel=\"noreferrer noopener nofollow\">Pointe des Onglous<\/a>. Hier kun je vanaf het kanaal <strong>genieten van het prachtige uitzicht op<\/strong> de haven van Marseillan.   <\/p>\n\n\n\n<p>Het is zeker de moeite waard, vooral met een groep of familie. De haven van Marseillan is ook zeker een bezoek waard.   <\/p>\n\n\n\n<p>Zeilers en zeilers hebben een zwak voor deze plek. s Avonds is het uitzicht bijzonder mooi en er zijn tal van <strong>restaurants <\/strong>waar je kunt genieten van de plaatselijke culinaire specialiteiten. Je kunt ook genieten van het ontdekken van de <strong>rijkdom aan wijngaarden<\/strong> in de stad.  <\/p>\n<\/div>\n<\/div>\n<\/div>\n<\/div>\n<\/section>\n\n<p class=\"h1-like\"><span>marseillan<\/span> bezoek<\/p>\n\n<section class=\"wp-block-group home-third page-two is-layout-flow wp-block-group-is-layout-flow\" style=\"margin-top:var(--wp--preset--spacing--50);margin-bottom:var(--wp--preset--spacing--50)\">\n<div class=\"wp-block-columns has-custom-color-2-background-color has-background is-layout-flex wp-container-core-columns-is-layout-28f84493 wp-block-columns-is-layout-flex\">\n<div class=\"wp-block-column is-layout-flow wp-block-column-is-layout-flow\" style=\"flex-basis:50%\">\n<div data-swiper=\"{&quot;speed&quot;:400,&quot;spaceBetween&quot;:15,&quot;slidesPerView&quot;:1,&quot;createElements&quot;:true,&quot;loop&quot;:true,&quot;freemode&quot;:true,&quot;navigation&quot;:{&quot;nextEl&quot;:&quot;buttonNext&quot;,&quot;prevEl&quot;:&quot;buttonPrev&quot;},&quot;breakpoints&quot;:[{&quot;slidesPerView&quot;:1}],&quot;pagination&quot;:false,&quot;parallax&quot;:true,&quot;autoplay&quot;:{&quot;delay&quot;:3500}}\" class=\"wp-block-group left gt-is-slider gt-is-slider-desktop has-global-padding is-content-justification-left is-layout-constrained wp-container-core-group-is-layout-16a8afda wp-block-group-is-layout-constrained\" style=\"padding-top:0;padding-bottom:0\">\n<figure class=\"wp-block-image size-full has-custom-border\"><img decoding=\"async\" width=\"1000\" height=\"700\" src=\"https:\/\/www.domainesainteveziane.com\/wp-content\/uploads\/sites\/4\/2025\/03\/lagune-de-thau.jpg\" alt=\"lagune van thau\" class=\"wp-image-1603\" style=\"border-bottom-left-radius:0px\" srcset=\"https:\/\/www.domainesainteveziane.com\/wp-content\/uploads\/sites\/4\/2025\/03\/lagune-de-thau.jpg 1000w, https:\/\/www.domainesainteveziane.com\/wp-content\/uploads\/sites\/4\/2025\/03\/lagune-de-thau-300x210.jpg 300w, https:\/\/www.domainesainteveziane.com\/wp-content\/uploads\/sites\/4\/2025\/03\/lagune-de-thau-768x538.jpg 768w\" sizes=\"(max-width: 1000px) 100vw, 1000px\" \/><figcaption class=\"wp-element-caption\">Lagune van Thau<\/figcaption><\/figure>\n\n\n\n<figure class=\"wp-block-image size-full has-custom-border\"><img decoding=\"async\" width=\"700\" height=\"500\" src=\"https:\/\/www.domainesainteveziane.com\/wp-content\/uploads\/sites\/4\/2025\/03\/marianne-marseillan.png\" alt=\"marianne marseillan\" class=\"wp-image-1607\" style=\"border-bottom-left-radius:0px;aspect-ratio:4\/3;object-fit:cover\" srcset=\"https:\/\/www.domainesainteveziane.com\/wp-content\/uploads\/sites\/4\/2025\/03\/marianne-marseillan.png 700w, https:\/\/www.domainesainteveziane.com\/wp-content\/uploads\/sites\/4\/2025\/03\/marianne-marseillan-300x214.png 300w\" sizes=\"(max-width: 700px) 100vw, 700px\" \/><figcaption class=\"wp-element-caption\">Marianne<\/figcaption><\/figure>\n<\/div>\n<\/div>\n\n\n\n<div class=\"wp-block-column is-layout-flow wp-block-column-is-layout-flow\" style=\"flex-basis:50%\">\n<div class=\"wp-block-group right has-global-padding is-content-justification-left is-layout-constrained wp-container-core-group-is-layout-12dd3699 wp-block-group-is-layout-constrained\">\n<div class=\"wp-block-group h2-container has-global-padding is-layout-constrained wp-block-group-is-layout-constrained\">\n<h3 class=\"wp-block-heading has-base-2-background-color has-background has-large-font-size\" style=\"padding-top:var(--wp--preset--spacing--50);padding-bottom:0;padding-left:var(--wp--preset--spacing--50);font-style:normal;font-weight:100\"><br\/><mark style=\"background-color:rgba(0, 0, 0, 0)\" class=\"has-inline-color has-custom-color-3-color\">De lagune<\/mark> van Thau<\/h3>\n<\/div>\n\n\n\n<div class=\"wp-block-group bottom has-link-color wp-elements-4245261246b168df70eb05b6f3f84cb2 has-global-padding is-layout-constrained wp-container-core-group-is-layout-18c45ae5 wp-block-group-is-layout-constrained\" style=\"padding-top:0;padding-right:15rem;padding-bottom:0;padding-left:var(--wp--preset--spacing--50)\">\n<p>Het is een rijk natuurgebied, een dromerige plek met <strong>aantrekkelijke kenmerken<\/strong>. Het heeft een rijkdom aan flora en fauna. Het trekt ook veel zeilers aan en is het middelpunt van de nautische activiteiten van de stad.  <\/p>\n\n\n\n<h3 class=\"wp-block-heading has-large-font-size\" style=\"font-style:normal;font-weight:100\"><mark style=\"background-color:rgba(0, 0, 0, 0)\" class=\"has-inline-color has-custom-color-3-color\">De Marianne<\/mark><\/h3>\n\n\n\n<p>De <strong>Marianne <\/strong>, die beweert het eerste standbeeld van de Franse Republiek te zijn dat op een openbaar plein werd gebouwd, is een groot symbool van Frankrijk.  <\/p>\n\n\n\n<p>Het vertegenwoordigt vrijheid en democratie en zijn waarden zijn een integraal onderdeel van het Franse motto. Je moet het absoluut zien als je Marseillan bezoekt. <\/p>\n<\/div>\n<\/div>\n<\/div>\n<\/div>\n<\/section>\n\n<section class=\"wp-block-group page-one has-link-color wp-elements-dd5343c172a12a916e5de01bfc1ac800 is-layout-flow wp-block-group-is-layout-flow\" style=\"margin-top:var(--wp--preset--spacing--60);margin-bottom:var(--wp--preset--spacing--40);padding-bottom:var(--wp--preset--spacing--40)\">\n<div class=\"wp-block-group h2-container has-global-padding is-content-justification-center is-layout-constrained wp-block-group-is-layout-constrained\">\n<h3 class=\"wp-block-heading has-text-align-center has-large-font-size\" style=\"font-style:normal;font-weight:100\"><mark style=\"background-color:rgba(0, 0, 0, 0)\" class=\"has-inline-color has-custom-color-3-color\">Het strand<br\/><\/mark> van Marseillan<\/h3>\n<\/div>\n\n\n\n<div data-swiper=\"{&quot;speed&quot;:400,&quot;spaceBetween&quot;:30,&quot;slidesPerView&quot;:2,&quot;loop&quot;:true,&quot;breakpoints&quot;:{&quot;0&quot;:{&quot;slidesPerView&quot;:1,&quot;centeredSlides&quot;:true},&quot;380&quot;:{&quot;slidesPerView&quot;:2,&quot;centeredSlides&quot;:true}},&quot;navigation&quot;:{&quot;nextEl&quot;:&quot;buttonNext&quot;,&quot;prevEl&quot;:&quot;buttonPrev&quot;},&quot;pagination&quot;:false,&quot;centeredSlides&quot;:true,&quot;parallax&quot;:true,&quot;autoplay&quot;:{&quot;delay&quot;:3500}}\" class=\"wp-block-group slider-container gt-is-slider gt-is-slider-desktop is-layout-flow wp-block-group-is-layout-flow\">\n<div data-swiper=\"{&quot;speed&quot;:1000,&quot;autoplay&quot;:{&quot;delay&quot;:5000,&quot;disableOnInteraction&quot;:false},&quot;spaceBetween&quot;:0,&quot;slidesPerView&quot;:1,&quot;pagination&quot;:{&quot;el&quot;:&quot;.swiper-pagination&quot;,&quot;dynamicBullets&quot;:true,&quot;clickable&quot;:true,&quot;type&quot;:&quot;bullets&quot;},&quot;navigation&quot;:{&quot;nextEl&quot;:&quot;.swiper-button-next&quot;,&quot;prevEl&quot;:&quot;.swiper-button-prev&quot;},&quot;breakpoints&quot;:[{&quot;slidesPerView&quot;:1}]}\" class=\"wp-block-cover is-light has-custom-content-position is-position-bottom-center\" style=\"border-top-right-radius:150px;min-height:700px;aspect-ratio:unset;\"><span aria-hidden=\"true\" class=\"wp-block-cover__background has-background-dim-0 has-background-dim\" style=\"background-color:#a2adb1\"><\/span><img decoding=\"async\" width=\"1000\" height=\"700\" class=\"wp-block-cover__image-background wp-image-1612\" alt=\"plage de marseillan\" src=\"https:\/\/www.domainesainteveziane.com\/wp-content\/uploads\/sites\/4\/2025\/03\/plage-de-marseillan.jpg\" data-object-fit=\"cover\" srcset=\"https:\/\/www.domainesainteveziane.com\/wp-content\/uploads\/sites\/4\/2025\/03\/plage-de-marseillan.jpg 1000w, https:\/\/www.domainesainteveziane.com\/wp-content\/uploads\/sites\/4\/2025\/03\/plage-de-marseillan-300x210.jpg 300w, https:\/\/www.domainesainteveziane.com\/wp-content\/uploads\/sites\/4\/2025\/03\/plage-de-marseillan-768x538.jpg 768w\" sizes=\"(max-width: 1000px) 100vw, 1000px\" \/><div class=\"wp-block-cover__inner-container has-global-padding is-layout-constrained wp-block-cover-is-layout-constrained\">\n<p class=\"has-text-align-center has-base-2-color has-text-color has-link-color has-josefin-sans-font-family wp-elements-4c651948a3c203fb419b261bd38fcf52\" style=\"font-size:clamp(0.875rem, 0.875rem + ((1vw - 0.2rem) * 0.576), 1.3rem);letter-spacing:1px\"><\/p>\n<\/div><\/div>\n\n\n\n<div data-swiper=\"{&quot;speed&quot;:1000,&quot;autoplay&quot;:{&quot;delay&quot;:5000,&quot;disableOnInteraction&quot;:false},&quot;spaceBetween&quot;:0,&quot;slidesPerView&quot;:1,&quot;pagination&quot;:{&quot;el&quot;:&quot;.swiper-pagination&quot;,&quot;dynamicBullets&quot;:true,&quot;clickable&quot;:true,&quot;type&quot;:&quot;bullets&quot;},&quot;navigation&quot;:{&quot;nextEl&quot;:&quot;.swiper-button-next&quot;,&quot;prevEl&quot;:&quot;.swiper-button-prev&quot;},&quot;breakpoints&quot;:[{&quot;slidesPerView&quot;:1}]}\" class=\"wp-block-cover is-light has-custom-content-position is-position-bottom-center\" style=\"border-top-right-radius:150px;min-height:700px;aspect-ratio:unset;\"><span aria-hidden=\"true\" class=\"wp-block-cover__background has-background-dim-0 has-background-dim\" style=\"background-color:#8896a8\"><\/span><img decoding=\"async\" width=\"2000\" height=\"1450\" class=\"wp-block-cover__image-background wp-image-1616\" alt=\"camping proche de marseillan\" src=\"https:\/\/www.domainesainteveziane.com\/wp-content\/uploads\/sites\/4\/2025\/03\/camping-proche-de-marseillan.jpg\" data-object-fit=\"cover\" srcset=\"https:\/\/www.domainesainteveziane.com\/wp-content\/uploads\/sites\/4\/2025\/03\/camping-proche-de-marseillan.jpg 2000w, https:\/\/www.domainesainteveziane.com\/wp-content\/uploads\/sites\/4\/2025\/03\/camping-proche-de-marseillan-300x218.jpg 300w, https:\/\/www.domainesainteveziane.com\/wp-content\/uploads\/sites\/4\/2025\/03\/camping-proche-de-marseillan-1024x742.jpg 1024w, https:\/\/www.domainesainteveziane.com\/wp-content\/uploads\/sites\/4\/2025\/03\/camping-proche-de-marseillan-768x557.jpg 768w, https:\/\/www.domainesainteveziane.com\/wp-content\/uploads\/sites\/4\/2025\/03\/camping-proche-de-marseillan-1536x1114.jpg 1536w\" sizes=\"(max-width: 2000px) 100vw, 2000px\" \/><div class=\"wp-block-cover__inner-container has-global-padding is-layout-constrained wp-block-cover-is-layout-constrained\">\n<p class=\"has-text-align-center has-base-2-color has-text-color has-link-color has-josefin-sans-font-family wp-elements-4c651948a3c203fb419b261bd38fcf52\" style=\"font-size:clamp(0.875rem, 0.875rem + ((1vw - 0.2rem) * 0.576), 1.3rem);letter-spacing:1px\"><\/p>\n<\/div><\/div>\n\n\n\n<div data-swiper=\"{&quot;speed&quot;:1000,&quot;autoplay&quot;:{&quot;delay&quot;:5000,&quot;disableOnInteraction&quot;:false},&quot;spaceBetween&quot;:0,&quot;slidesPerView&quot;:1,&quot;pagination&quot;:{&quot;el&quot;:&quot;.swiper-pagination&quot;,&quot;dynamicBullets&quot;:true,&quot;clickable&quot;:true,&quot;type&quot;:&quot;bullets&quot;},&quot;navigation&quot;:{&quot;nextEl&quot;:&quot;.swiper-button-next&quot;,&quot;prevEl&quot;:&quot;.swiper-button-prev&quot;},&quot;breakpoints&quot;:[{&quot;slidesPerView&quot;:1}]}\" class=\"wp-block-cover is-light has-custom-content-position is-position-bottom-center\" style=\"border-top-right-radius:150px;min-height:700px;aspect-ratio:unset;\"><span aria-hidden=\"true\" class=\"wp-block-cover__background has-background-dim-0 has-background-dim\" style=\"background-color:#8c9a93\"><\/span><img decoding=\"async\" width=\"1000\" height=\"700\" class=\"wp-block-cover__image-background wp-image-1619\" alt=\"phare de la pointe des onglous marseillan\" src=\"https:\/\/www.domainesainteveziane.com\/wp-content\/uploads\/sites\/4\/2025\/03\/phare-de-la-pointe-des-onglous-marseillan.jpg\" data-object-fit=\"cover\" srcset=\"https:\/\/www.domainesainteveziane.com\/wp-content\/uploads\/sites\/4\/2025\/03\/phare-de-la-pointe-des-onglous-marseillan.jpg 1000w, https:\/\/www.domainesainteveziane.com\/wp-content\/uploads\/sites\/4\/2025\/03\/phare-de-la-pointe-des-onglous-marseillan-300x210.jpg 300w, https:\/\/www.domainesainteveziane.com\/wp-content\/uploads\/sites\/4\/2025\/03\/phare-de-la-pointe-des-onglous-marseillan-768x538.jpg 768w\" sizes=\"(max-width: 1000px) 100vw, 1000px\" \/><div class=\"wp-block-cover__inner-container has-global-padding is-layout-constrained wp-block-cover-is-layout-constrained\">\n<p class=\"has-text-align-center has-base-2-color has-text-color has-link-color has-josefin-sans-font-family wp-elements-4c651948a3c203fb419b261bd38fcf52\" style=\"font-size:clamp(0.875rem, 0.875rem + ((1vw - 0.2rem) * 0.576), 1.3rem);letter-spacing:1px\"><\/p>\n<\/div><\/div>\n\n\n\n<div data-swiper=\"{&quot;speed&quot;:1000,&quot;autoplay&quot;:{&quot;delay&quot;:5000,&quot;disableOnInteraction&quot;:false},&quot;spaceBetween&quot;:0,&quot;slidesPerView&quot;:1,&quot;pagination&quot;:{&quot;el&quot;:&quot;.swiper-pagination&quot;,&quot;dynamicBullets&quot;:true,&quot;clickable&quot;:true,&quot;type&quot;:&quot;bullets&quot;},&quot;navigation&quot;:{&quot;nextEl&quot;:&quot;.swiper-button-next&quot;,&quot;prevEl&quot;:&quot;.swiper-button-prev&quot;},&quot;breakpoints&quot;:[{&quot;slidesPerView&quot;:1}]}\" class=\"wp-block-cover is-light has-custom-content-position is-position-bottom-center\" style=\"border-top-right-radius:150px;min-height:700px;aspect-ratio:unset;\"><span aria-hidden=\"true\" class=\"wp-block-cover__background has-background-dim-0 has-background-dim\" style=\"background-color:#80888b\"><\/span><img decoding=\"async\" width=\"1000\" height=\"700\" class=\"wp-block-cover__image-background wp-image-1622\" alt=\"plage de marseillan en famille\" src=\"https:\/\/www.domainesainteveziane.com\/wp-content\/uploads\/sites\/4\/2025\/03\/plage-de-marseillan-en-famille.jpg\" data-object-fit=\"cover\" srcset=\"https:\/\/www.domainesainteveziane.com\/wp-content\/uploads\/sites\/4\/2025\/03\/plage-de-marseillan-en-famille.jpg 1000w, https:\/\/www.domainesainteveziane.com\/wp-content\/uploads\/sites\/4\/2025\/03\/plage-de-marseillan-en-famille-300x210.jpg 300w, https:\/\/www.domainesainteveziane.com\/wp-content\/uploads\/sites\/4\/2025\/03\/plage-de-marseillan-en-famille-768x538.jpg 768w\" sizes=\"(max-width: 1000px) 100vw, 1000px\" \/><div class=\"wp-block-cover__inner-container has-global-padding is-layout-constrained wp-block-cover-is-layout-constrained\">\n<p class=\"has-text-align-center has-base-2-color has-text-color has-link-color has-josefin-sans-font-family wp-elements-4c651948a3c203fb419b261bd38fcf52\" style=\"font-size:clamp(0.875rem, 0.875rem + ((1vw - 0.2rem) * 0.576), 1.3rem);letter-spacing:1px\"><\/p>\n<\/div><\/div>\n<\/div>\n\n\n\n<p class=\"has-text-align-center\" style=\"padding-top:var(--wp--preset--spacing--40);padding-right:30rem;padding-left:30rem\">Vakantie betekent zonnebaden, stranden, frisse lucht en alles wat daarbij hoort. Kortom, een strand voegt altijd een speciaal tintje toe aan een vakantie en Marseillan serveert uw kopje thee. Het prachtige 6 km lange strand met <strong>kristalhelder turkoois water<\/strong> en fijn zand zal je verblijf opvrolijken. Jong en oud zullen zich hier op hun gemak voelen en kunnen deelnemen aan een breed scala aan <strong>leuke activiteiten<\/strong>. Bovendien wordt de camping bewaakt door 5 controleposten om je <strong>veiligheid<\/strong> te garanderen.    <\/p>\n<\/section>\n\n<section class=\"wp-block-group home-third page-two reverse is-layout-flow wp-block-group-is-layout-flow\">\n<div class=\"wp-block-columns has-custom-color-2-background-color has-background is-layout-flex wp-container-core-columns-is-layout-e477a36d wp-block-columns-is-layout-flex\" style=\"padding-bottom:var(--wp--preset--spacing--60)\">\n<div class=\"wp-block-column is-layout-flow wp-block-column-is-layout-flow\" style=\"flex-basis:50%\">\n<div class=\"wp-block-group right has-global-padding is-content-justification-center is-layout-constrained wp-block-group-is-layout-constrained\">\n<div class=\"wp-block-group h2-container has-global-padding is-layout-constrained wp-block-group-is-layout-constrained\">\n<h3 class=\"wp-block-heading has-base-2-background-color has-background has-large-font-size\" style=\"padding-top:var(--wp--preset--spacing--50);padding-right:var(--wp--preset--spacing--10);padding-bottom:var(--wp--preset--spacing--40);padding-left:var(--wp--preset--spacing--50);font-style:normal;font-weight:100\"><mark style=\"background-color:rgba(0, 0, 0, 0)\" class=\"has-inline-color has-custom-color-3-color\">De vijver van <\/mark>Bagnas<\/h3>\n<\/div>\n\n\n\n<div class=\"wp-block-group bottom has-global-padding is-layout-constrained wp-container-core-group-is-layout-701c89d3 wp-block-group-is-layout-constrained\" style=\"padding-top:var(--wp--preset--spacing--40);padding-right:10rem;padding-bottom:0;padding-left:var(--wp--preset--spacing--50)\">\n<p>Als je een <strong>natuurliefhebber<\/strong> bent, zal deze bestemming voldoen aan je verlangen om prachtige landschappen te zien. Het is een uitgestrekte watervlakte met een even rijke als prachtige flora en fauna.   <\/p>\n\n\n\n<p>Hier kun je veel <strong>vogels <\/strong>ontmoeten en van verre genieten van hun bijeenkomsten en re\u00fcnies. Honderden vogels komen hier samen om van alles en nog wat te bespreken. Dit zijn onder andere blauwe reigers, zilverreigers en roze flamingo&#8217;s.  <\/p>\n<\/div>\n<\/div>\n<\/div>\n\n\n\n<div class=\"wp-block-column is-layout-flow wp-block-column-is-layout-flow\" style=\"flex-basis:50%\">\n<div data-swiper=\"{&quot;speed&quot;:400,&quot;spaceBetween&quot;:15,&quot;slidesPerView&quot;:1,&quot;createElements&quot;:true,&quot;loop&quot;:true,&quot;freemode&quot;:true,&quot;navigation&quot;:{&quot;nextEl&quot;:&quot;buttonNext&quot;,&quot;prevEl&quot;:&quot;buttonPrev&quot;},&quot;breakpoints&quot;:[{&quot;slidesPerView&quot;:1}],&quot;pagination&quot;:false,&quot;parallax&quot;:true,&quot;autoplay&quot;:{&quot;delay&quot;:3500}}\" class=\"wp-block-group left gt-is-slider gt-is-slider-desktop has-global-padding is-content-justification-left is-layout-constrained wp-container-core-group-is-layout-16a8afda wp-block-group-is-layout-constrained\" style=\"padding-top:0;padding-bottom:0\">\n<figure class=\"wp-block-image size-full has-custom-border\"><img decoding=\"async\" width=\"2048\" height=\"1365\" src=\"https:\/\/www.domainesainteveziane.com\/wp-content\/uploads\/sites\/4\/2025\/03\/bagnas-scaled.webp\" alt=\"bagnas\" class=\"wp-image-1630\" style=\"border-bottom-left-radius:150px;aspect-ratio:4\/3;object-fit:cover\" srcset=\"https:\/\/www.domainesainteveziane.com\/wp-content\/uploads\/sites\/4\/2025\/03\/bagnas-scaled.webp 2048w, https:\/\/www.domainesainteveziane.com\/wp-content\/uploads\/sites\/4\/2025\/03\/bagnas-300x200.webp 300w, https:\/\/www.domainesainteveziane.com\/wp-content\/uploads\/sites\/4\/2025\/03\/bagnas-1024x683.webp 1024w, https:\/\/www.domainesainteveziane.com\/wp-content\/uploads\/sites\/4\/2025\/03\/bagnas-768x512.webp 768w, https:\/\/www.domainesainteveziane.com\/wp-content\/uploads\/sites\/4\/2025\/03\/bagnas-1536x1024.webp 1536w\" sizes=\"(max-width: 2048px) 100vw, 2048px\" \/><figcaption class=\"wp-element-caption\">Bagnas vijver<\/figcaption><\/figure>\n\n\n\n<figure class=\"wp-block-image size-full has-custom-border\"><img decoding=\"async\" width=\"1024\" height=\"674\" src=\"https:\/\/www.domainesainteveziane.com\/wp-content\/uploads\/sites\/4\/2025\/03\/reserve-naturelle-de-bagnas-occitanie.webp\" alt=\"bagnas natuurreservaat occitanie\" class=\"wp-image-1626\" style=\"border-bottom-left-radius:150px;aspect-ratio:4\/3;object-fit:cover\" srcset=\"https:\/\/www.domainesainteveziane.com\/wp-content\/uploads\/sites\/4\/2025\/03\/reserve-naturelle-de-bagnas-occitanie.webp 1024w, https:\/\/www.domainesainteveziane.com\/wp-content\/uploads\/sites\/4\/2025\/03\/reserve-naturelle-de-bagnas-occitanie-300x197.webp 300w, https:\/\/www.domainesainteveziane.com\/wp-content\/uploads\/sites\/4\/2025\/03\/reserve-naturelle-de-bagnas-occitanie-768x506.webp 768w\" sizes=\"(max-width: 1024px) 100vw, 1024px\" \/><figcaption class=\"wp-element-caption\">Natuurreservaat Bagnas<\/figcaption><\/figure>\n<\/div>\n<\/div>\n<\/div>\n\n\n\n<div class=\"wp-block-columns has-custom-color-2-background-color has-background is-layout-flex wp-container-core-columns-is-layout-616294e8 wp-block-columns-is-layout-flex\" style=\"margin-top:0px;padding-top:0\">\n<div class=\"wp-block-column is-layout-flow wp-block-column-is-layout-flow\" style=\"flex-basis:50%\">\n<div data-swiper=\"{&quot;speed&quot;:400,&quot;spaceBetween&quot;:15,&quot;slidesPerView&quot;:1,&quot;createElements&quot;:true,&quot;loop&quot;:true,&quot;freemode&quot;:true,&quot;navigation&quot;:{&quot;nextEl&quot;:&quot;buttonNext&quot;,&quot;prevEl&quot;:&quot;buttonPrev&quot;},&quot;breakpoints&quot;:[{&quot;slidesPerView&quot;:1}],&quot;pagination&quot;:false,&quot;parallax&quot;:true,&quot;autoplay&quot;:{&quot;delay&quot;:3500}}\" class=\"wp-block-group left gt-is-slider gt-is-slider-desktop has-global-padding is-content-justification-center is-layout-constrained wp-block-group-is-layout-constrained\" style=\"padding-top:0;padding-bottom:0\">\n<figure class=\"wp-block-image size-full has-custom-border\"><img decoding=\"async\" width=\"700\" height=\"500\" src=\"https:\/\/www.domainesainteveziane.com\/wp-content\/uploads\/sites\/4\/2025\/03\/maison-noilly-prat-marseillan.png\" alt=\"huis noilly prat marseillan\" class=\"wp-image-1635\" style=\"border-top-right-radius:150px\" srcset=\"https:\/\/www.domainesainteveziane.com\/wp-content\/uploads\/sites\/4\/2025\/03\/maison-noilly-prat-marseillan.png 700w, https:\/\/www.domainesainteveziane.com\/wp-content\/uploads\/sites\/4\/2025\/03\/maison-noilly-prat-marseillan-300x214.png 300w\" sizes=\"(max-width: 700px) 100vw, 700px\" \/><\/figure>\n<\/div>\n<\/div>\n\n\n\n<div class=\"wp-block-column is-vertically-aligned-center is-layout-flow wp-block-column-is-layout-flow\" style=\"flex-basis:50%\">\n<div class=\"wp-block-group right has-global-padding is-content-justification-left is-layout-constrained wp-container-core-group-is-layout-12dd3699 wp-block-group-is-layout-constrained\">\n<div class=\"wp-block-group h2-container has-global-padding is-layout-constrained wp-block-group-is-layout-constrained\">\n<h3 class=\"wp-block-heading has-large-font-size\" style=\"padding-top:var(--wp--preset--spacing--50);padding-right:var(--wp--preset--spacing--10);padding-bottom:var(--wp--preset--spacing--30);padding-left:var(--wp--preset--spacing--50);font-style:normal;font-weight:100\"><mark style=\"background-color:rgba(0, 0, 0, 0)\" class=\"has-inline-color has-custom-color-3-color\">Het huis van<\/mark> Noilly Prat<\/h3>\n<\/div>\n\n\n\n<div class=\"wp-block-group bottom has-global-padding is-layout-constrained wp-container-core-group-is-layout-a796f9df wp-block-group-is-layout-constrained\" style=\"padding-top:0;padding-right:10rem;padding-bottom:0;padding-left:var(--wp--preset--spacing--50)\">\n<p>Dit is de plek waar Noilly Prat Franse vermout wordt bereid, een echte bewaker van de geheimen van de expertise van zijn keldermeester. Een gids verwelkomt je en leidt je rond in het <strong>Marseillan wijnklooster<\/strong>.   <\/p>\n\n\n\n<p>Het is een bezoek dat zeker iets toevoegt aan je verblijf in de stad. Er zijn vele andere populaire plaatsen om te bezoeken in en rond Marseillan (Cap d&#8217;Agde, P\u00e9zenas, S\u00e8te, de H\u00e9rault vallei, enz.). <\/p>\n<\/div>\n<\/div>\n<\/div>\n<\/div>\n\n\n\n<p class=\"h1-like\"><span>uitzonderlijk<\/span> verblijf<\/p>\n<\/section>\n\n<section class=\"wp-block-group home-third page-two reverse is-layout-flow wp-block-group-is-layout-flow\">\n<div class=\"wp-block-columns has-custom-color-2-background-color has-background is-layout-flex wp-container-core-columns-is-layout-e477a36d wp-block-columns-is-layout-flex\" style=\"padding-bottom:var(--wp--preset--spacing--60)\">\n<div class=\"wp-block-column is-layout-flow wp-block-column-is-layout-flow\" style=\"flex-basis:50%\">\n<div class=\"wp-block-group right has-global-padding is-content-justification-center is-layout-constrained wp-block-group-is-layout-constrained\">\n<div class=\"wp-block-group h2-container has-global-padding is-layout-constrained wp-block-group-is-layout-constrained\">\n<h2 class=\"wp-block-heading has-base-2-background-color has-background\" style=\"padding-top:var(--wp--preset--spacing--50);padding-right:var(--wp--preset--spacing--10);padding-bottom:var(--wp--preset--spacing--40);padding-left:var(--wp--preset--spacing--50)\"><mark style=\"background-color:rgba(0, 0, 0, 0)\" class=\"has-inline-color has-custom-color-3-color\">Verblijf<\/mark> in de buurt van Marseillan <br\/>op een camping die het hele jaar geopend is <br\/>in H\u00e9rault<\/h2>\n<\/div>\n\n\n\n<div class=\"wp-block-group bottom has-global-padding is-layout-constrained wp-container-core-group-is-layout-a796f9df wp-block-group-is-layout-constrained\" style=\"padding-top:0;padding-right:10rem;padding-bottom:0;padding-left:var(--wp--preset--spacing--50)\">\n<h2 class=\"wp-block-heading has-large-font-size\" style=\"font-style:normal;font-weight:100\"><mark style=\"background-color:rgba(0, 0, 0, 0)\" class=\"has-inline-color has-custom-color-3-color\">Een uitzonderlijk verblijf<\/mark> op Domaine Sainte V\u00e9ziane bij Marseillan<\/h2>\n\n\n\n<p>Als je wilt verblijven op een plek vol geschiedenis en cultuur, boek dan je verblijf op Domaine Sainte V\u00e9ziane. <strong>Deze 4-sterrencamping in de H\u00e9rault<\/strong> biedt je een ruime keuze aan stacaravans en kampeerplaatsen om te huren, evenals <a href=\"https:\/\/www.domainesainteveziane.com\/camping-animations-herault\/\" data-type=\"page\" data-id=\"22\">activiteiten en animaties<\/a> voor alle leeftijden.  <\/p>\n\n\n\n<p>Bovendien is het een van de enige<strong> <\/strong><a href=\"https:\/\/www.domainesainteveziane.com\/camping-ouvert-toute-lannee-dans-lherault\/\" data-type=\"page\" data-id=\"26\">campings in Marseillan die het hele jaar open is<\/a>, ideaal voor een vakantie in de H\u00e9rault in elk seizoen.<\/p>\n<\/div>\n<\/div>\n<\/div>\n\n\n\n<div class=\"wp-block-column is-layout-flow wp-block-column-is-layout-flow\" style=\"flex-basis:50%\">\n<div data-swiper=\"{&quot;speed&quot;:400,&quot;spaceBetween&quot;:15,&quot;slidesPerView&quot;:1,&quot;createElements&quot;:true,&quot;loop&quot;:true,&quot;freemode&quot;:true,&quot;navigation&quot;:{&quot;nextEl&quot;:&quot;buttonNext&quot;,&quot;prevEl&quot;:&quot;buttonPrev&quot;},&quot;breakpoints&quot;:[{&quot;slidesPerView&quot;:1}],&quot;pagination&quot;:false,&quot;parallax&quot;:true,&quot;autoplay&quot;:{&quot;delay&quot;:3500}}\" class=\"wp-block-group left gt-is-slider gt-is-slider-desktop has-global-padding is-content-justification-left is-layout-constrained wp-container-core-group-is-layout-16a8afda wp-block-group-is-layout-constrained\" style=\"padding-top:0;padding-bottom:0\">\n<figure class=\"wp-block-image size-full has-custom-border\"><img decoding=\"async\" width=\"1000\" height=\"700\" src=\"https:\/\/www.domainesainteveziane.com\/wp-content\/uploads\/sites\/4\/2025\/03\/camping-avec-piscine-a-bessan.jpg\" alt=\"camping met zwembad in bessan\" class=\"wp-image-562\" style=\"border-bottom-left-radius:150px;object-fit:cover\" srcset=\"https:\/\/www.domainesainteveziane.com\/wp-content\/uploads\/sites\/4\/2025\/03\/camping-avec-piscine-a-bessan.jpg 1000w, https:\/\/www.domainesainteveziane.com\/wp-content\/uploads\/sites\/4\/2025\/03\/camping-avec-piscine-a-bessan-300x210.jpg 300w, https:\/\/www.domainesainteveziane.com\/wp-content\/uploads\/sites\/4\/2025\/03\/camping-avec-piscine-a-bessan-768x538.jpg 768w\" sizes=\"(max-width: 1000px) 100vw, 1000px\" \/><\/figure>\n\n\n\n<figure class=\"wp-block-image size-full has-custom-border\"><img decoding=\"async\" width=\"1000\" height=\"700\" src=\"https:\/\/www.domainesainteveziane.com\/wp-content\/uploads\/sites\/4\/2025\/03\/logement-camping-a-bessan.jpg\" alt=\"camping accommodatie in bessan\" class=\"wp-image-559\" style=\"border-bottom-left-radius:150px;object-fit:cover\" srcset=\"https:\/\/www.domainesainteveziane.com\/wp-content\/uploads\/sites\/4\/2025\/03\/logement-camping-a-bessan.jpg 1000w, https:\/\/www.domainesainteveziane.com\/wp-content\/uploads\/sites\/4\/2025\/03\/logement-camping-a-bessan-300x210.jpg 300w, https:\/\/www.domainesainteveziane.com\/wp-content\/uploads\/sites\/4\/2025\/03\/logement-camping-a-bessan-768x538.jpg 768w\" sizes=\"(max-width: 1000px) 100vw, 1000px\" \/><\/figure>\n<\/div>\n<\/div>\n<\/div>\n\n\n\n<div class=\"wp-block-columns has-custom-color-2-background-color has-background is-layout-flex wp-container-core-columns-is-layout-616294e8 wp-block-columns-is-layout-flex\" style=\"margin-top:0px;padding-top:0\">\n<div class=\"wp-block-column is-layout-flow wp-block-column-is-layout-flow\" style=\"flex-basis:50%\">\n<div data-swiper=\"{&quot;speed&quot;:400,&quot;spaceBetween&quot;:15,&quot;slidesPerView&quot;:1,&quot;createElements&quot;:true,&quot;loop&quot;:true,&quot;freemode&quot;:true,&quot;navigation&quot;:{&quot;nextEl&quot;:&quot;buttonNext&quot;,&quot;prevEl&quot;:&quot;buttonPrev&quot;},&quot;breakpoints&quot;:[{&quot;slidesPerView&quot;:1}],&quot;pagination&quot;:false,&quot;parallax&quot;:true,&quot;autoplay&quot;:{&quot;delay&quot;:3500}}\" class=\"wp-block-group left gt-is-slider gt-is-slider-desktop has-global-padding is-content-justification-center is-layout-constrained wp-block-group-is-layout-constrained\" style=\"padding-top:0;padding-bottom:0\">\n<figure class=\"wp-block-image size-full has-custom-border\"><img decoding=\"async\" width=\"2000\" height=\"1450\" src=\"https:\/\/www.domainesainteveziane.com\/wp-content\/uploads\/sites\/4\/2025\/03\/jeux-aquatiques-camping-vias.jpg\" alt=\"waterspelen camping vias\" class=\"wp-image-1191\" style=\"border-top-right-radius:150px\" srcset=\"https:\/\/www.domainesainteveziane.com\/wp-content\/uploads\/sites\/4\/2025\/03\/jeux-aquatiques-camping-vias.jpg 2000w, https:\/\/www.domainesainteveziane.com\/wp-content\/uploads\/sites\/4\/2025\/03\/jeux-aquatiques-camping-vias-300x218.jpg 300w, https:\/\/www.domainesainteveziane.com\/wp-content\/uploads\/sites\/4\/2025\/03\/jeux-aquatiques-camping-vias-1024x742.jpg 1024w, https:\/\/www.domainesainteveziane.com\/wp-content\/uploads\/sites\/4\/2025\/03\/jeux-aquatiques-camping-vias-768x557.jpg 768w, https:\/\/www.domainesainteveziane.com\/wp-content\/uploads\/sites\/4\/2025\/03\/jeux-aquatiques-camping-vias-1536x1114.jpg 1536w\" sizes=\"(max-width: 2000px) 100vw, 2000px\" \/><\/figure>\n\n\n\n<figure class=\"wp-block-image size-full has-custom-border\"><img decoding=\"async\" width=\"2000\" height=\"1450\" src=\"https:\/\/www.domainesainteveziane.com\/wp-content\/uploads\/sites\/4\/2025\/03\/camping-famille-avec-piscine-pres-de-vias.jpg\" alt=\"familiecamping met zwembad bij vias\" class=\"wp-image-1187\" style=\"border-top-right-radius:150px\" srcset=\"https:\/\/www.domainesainteveziane.com\/wp-content\/uploads\/sites\/4\/2025\/03\/camping-famille-avec-piscine-pres-de-vias.jpg 2000w, https:\/\/www.domainesainteveziane.com\/wp-content\/uploads\/sites\/4\/2025\/03\/camping-famille-avec-piscine-pres-de-vias-300x218.jpg 300w, https:\/\/www.domainesainteveziane.com\/wp-content\/uploads\/sites\/4\/2025\/03\/camping-famille-avec-piscine-pres-de-vias-1024x742.jpg 1024w, https:\/\/www.domainesainteveziane.com\/wp-content\/uploads\/sites\/4\/2025\/03\/camping-famille-avec-piscine-pres-de-vias-768x557.jpg 768w, https:\/\/www.domainesainteveziane.com\/wp-content\/uploads\/sites\/4\/2025\/03\/camping-famille-avec-piscine-pres-de-vias-1536x1114.jpg 1536w\" sizes=\"(max-width: 2000px) 100vw, 2000px\" \/><\/figure>\n<\/div>\n<\/div>\n\n\n\n<div class=\"wp-block-column is-vertically-aligned-center is-layout-flow wp-block-column-is-layout-flow\" style=\"flex-basis:50%\">\n<div class=\"wp-block-group right has-global-padding is-content-justification-left is-layout-constrained wp-container-core-group-is-layout-12dd3699 wp-block-group-is-layout-constrained\">\n<div class=\"wp-block-group h2-container has-global-padding is-layout-constrained wp-block-group-is-layout-constrained\">\n<h3 class=\"wp-block-heading has-large-font-size\" style=\"padding-top:var(--wp--preset--spacing--50);padding-right:var(--wp--preset--spacing--10);padding-bottom:var(--wp--preset--spacing--30);padding-left:var(--wp--preset--spacing--50);font-style:normal;font-weight:100\"><mark style=\"background-color:rgba(0, 0, 0, 0)\" class=\"has-inline-color has-custom-color-3-color\">Domaine Sainte V\u00e9ziane<\/mark> <br\/>met waterpark<\/h3>\n<\/div>\n\n\n\n<div class=\"wp-block-group bottom has-global-padding is-layout-constrained wp-container-core-group-is-layout-a796f9df wp-block-group-is-layout-constrained\" style=\"padding-top:0;padding-right:10rem;padding-bottom:0;padding-left:var(--wp--preset--spacing--50)\">\n<p>U zult genieten van een ontspannen vakantie op een <a href=\"https:\/\/www.domainesainteveziane.com\/camping-parc-aquatique-herault\/\" data-type=\"page\" data-id=\"30\">camping in de H\u00e9rault met een waterpark<\/a>, terwijl u geniet van het prachtige landschap.  <\/p>\n\n\n\n<p>Ga dan naar het domein Sainte V\u00e9ziane met zijn waterpark vlakbij Marseillan. Hier kun je comfort, ontspanning en verwondering combineren. <\/p>\n<\/div>\n<\/div>\n<\/div>\n<\/div>\n<\/section>\n\n<section class=\"wp-block-group alignfull home-intro home-fifth page-three has-custom-color-2-background-color has-background is-layout-flow wp-block-group-is-layout-flow\" style=\"margin-top:0;margin-bottom:0;padding-bottom:var(--wp--preset--spacing--60)\">\n<div class=\"wp-block-group is-layout-flow wp-block-group-is-layout-flow\" style=\"padding-top:4rem\">\n<div data-swiper=\"{&quot;speed&quot;:1000,&quot;autoplay&quot;:{&quot;delay&quot;:5000,&quot;disableOnInteraction&quot;:false},&quot;spaceBetween&quot;:0,&quot;slidesPerView&quot;:1,&quot;pagination&quot;:{&quot;el&quot;:&quot;.swiper-pagination&quot;,&quot;dynamicBullets&quot;:true,&quot;clickable&quot;:true,&quot;type&quot;:&quot;bullets&quot;},&quot;navigation&quot;:{&quot;nextEl&quot;:&quot;.swiper-button-next&quot;,&quot;prevEl&quot;:&quot;.swiper-button-prev&quot;},&quot;breakpoints&quot;:[{&quot;slidesPerView&quot;:1}]}\" class=\"wp-block-cover has-custom-content-position is-position-top-center\" style=\"min-height:800px;aspect-ratio:unset;\"><span aria-hidden=\"true\" class=\"wp-block-cover__background has-background-dim-100 has-background-dim wp-block-cover__gradient-background has-background-gradient\" style=\"background:linear-gradient(180deg,rgb(247,244,241) 16%,rgba(247,245,242,0.91) 31%,rgba(247,245,242,0.44) 49%)\"><\/span><img decoding=\"async\" width=\"2000\" height=\"1450\" class=\"wp-block-cover__image-background wp-image-1646\" alt=\"plage familiale de marseillan\" src=\"https:\/\/www.domainesainteveziane.com\/wp-content\/uploads\/sites\/4\/2025\/03\/plage-familiale-de-marseillan.jpg\" data-object-fit=\"cover\" srcset=\"https:\/\/www.domainesainteveziane.com\/wp-content\/uploads\/sites\/4\/2025\/03\/plage-familiale-de-marseillan.jpg 2000w, https:\/\/www.domainesainteveziane.com\/wp-content\/uploads\/sites\/4\/2025\/03\/plage-familiale-de-marseillan-300x218.jpg 300w, https:\/\/www.domainesainteveziane.com\/wp-content\/uploads\/sites\/4\/2025\/03\/plage-familiale-de-marseillan-1024x742.jpg 1024w, https:\/\/www.domainesainteveziane.com\/wp-content\/uploads\/sites\/4\/2025\/03\/plage-familiale-de-marseillan-768x557.jpg 768w, https:\/\/www.domainesainteveziane.com\/wp-content\/uploads\/sites\/4\/2025\/03\/plage-familiale-de-marseillan-1536x1114.jpg 1536w\" sizes=\"(max-width: 2000px) 100vw, 2000px\" \/><div class=\"wp-block-cover__inner-container has-global-padding is-layout-constrained wp-block-cover-is-layout-constrained\">\n<div class=\"wp-block-group h2-container has-global-padding is-layout-constrained wp-block-group-is-layout-constrained\">\n<p class=\"has-text-align-center has-josefin-sans-font-family\" style=\"margin-top:8rem;margin-bottom:0px;font-size:clamp(1.743rem, 1.743rem + ((1vw - 0.2rem) * 1.704), 3rem);line-height:1.2\"><strong>Ontdek<\/strong><\/p>\n\n\n\n<p class=\"has-text-align-center has-josefin-sans-font-family\" style=\"margin-top:0rem;font-size:clamp(3.35rem, 3.35rem + ((1vw - 0.2rem) * 4.678), 6.8rem);line-height:1.2\"><strong><mark style=\"background-color:rgba(0, 0, 0, 0)\" class=\"has-inline-color has-custom-color-3-color\">de omgeving<\/mark><\/strong><\/p>\n<\/div>\n<\/div><\/div>\n\n\n\n<div class=\"wp-block-columns middle is-layout-flex wp-container-core-columns-is-layout-a92e52df wp-block-columns-is-layout-flex\" style=\"padding-top:0rem;padding-right:22rem;padding-left:22rem\">\n<div class=\"wp-block-column is-layout-flow wp-block-column-is-layout-flow\"><a href=\"https:\/\/www.domainesainteveziane.com\/nl\/toerisme-herault\/kamperen-etang-de-thau\/\"    class=\"aligncenter campsite-item wp-block-tiptip-hyperlink-group-block\" >\n<div data-swiper=\"{&quot;speed&quot;:1000,&quot;autoplay&quot;:{&quot;delay&quot;:5000,&quot;disableOnInteraction&quot;:false},&quot;spaceBetween&quot;:0,&quot;slidesPerView&quot;:1,&quot;pagination&quot;:{&quot;el&quot;:&quot;.swiper-pagination&quot;,&quot;dynamicBullets&quot;:true,&quot;clickable&quot;:true,&quot;type&quot;:&quot;bullets&quot;},&quot;navigation&quot;:{&quot;nextEl&quot;:&quot;.swiper-button-next&quot;,&quot;prevEl&quot;:&quot;.swiper-button-prev&quot;},&quot;breakpoints&quot;:[{&quot;slidesPerView&quot;:1}]}\" class=\"wp-block-cover is-light banner-campsite\" style=\"border-top-left-radius:200px;border-top-right-radius:200px;border-bottom-right-radius:200px;padding-right:var(--wp--preset--spacing--10);padding-left:var(--wp--preset--spacing--10);min-height:550px;aspect-ratio:unset;\"><span aria-hidden=\"true\" class=\"wp-block-cover__background has-custom-color-3-background-color has-background-dim-0 has-background-dim\"><\/span><img decoding=\"async\" width=\"1024\" height=\"640\" class=\"wp-block-cover__image-background wp-image-434\" alt=\"etang de thau occitanie\" src=\"https:\/\/www.domainesainteveziane.com\/wp-content\/uploads\/sites\/4\/2025\/02\/etang-de-thau-occitanie.jpg\" data-object-fit=\"cover\" srcset=\"https:\/\/www.domainesainteveziane.com\/wp-content\/uploads\/sites\/4\/2025\/02\/etang-de-thau-occitanie.jpg 1024w, https:\/\/www.domainesainteveziane.com\/wp-content\/uploads\/sites\/4\/2025\/02\/etang-de-thau-occitanie-300x188.jpg 300w, https:\/\/www.domainesainteveziane.com\/wp-content\/uploads\/sites\/4\/2025\/02\/etang-de-thau-occitanie-768x480.jpg 768w\" sizes=\"(max-width: 1024px) 100vw, 1024px\" \/><div class=\"wp-block-cover__inner-container has-global-padding is-layout-constrained wp-container-core-cover-is-layout-b13d32f8 wp-block-cover-is-layout-constrained\">\n<p class=\"has-text-align-center has-base-2-color has-text-color has-link-color has-josefin-sans-font-family wp-elements-d8d2db68e472b2b8c10470d724c07bf8\" style=\"font-size:clamp(1.198rem, 1.198rem + ((1vw - 0.2rem) * 0.952), 1.9rem);font-style:normal;font-weight:400;line-height:1.2\">Lagune van Thau<\/p>\n<\/div><\/div>\n<\/a><\/div>\n\n\n\n<div class=\"wp-block-column is-layout-flow wp-block-column-is-layout-flow\"><a href=\"https:\/\/www.domainesainteveziane.com\/nl\/toerisme-herault\/wijn-en-eten\/\"    class=\"campsite-item wp-block-tiptip-hyperlink-group-block\" >\n<div data-swiper=\"{&quot;speed&quot;:1000,&quot;autoplay&quot;:{&quot;delay&quot;:5000,&quot;disableOnInteraction&quot;:false},&quot;spaceBetween&quot;:0,&quot;slidesPerView&quot;:1,&quot;pagination&quot;:{&quot;el&quot;:&quot;.swiper-pagination&quot;,&quot;dynamicBullets&quot;:true,&quot;clickable&quot;:true,&quot;type&quot;:&quot;bullets&quot;},&quot;navigation&quot;:{&quot;nextEl&quot;:&quot;.swiper-button-next&quot;,&quot;prevEl&quot;:&quot;.swiper-button-prev&quot;},&quot;breakpoints&quot;:[{&quot;slidesPerView&quot;:1}]}\" class=\"wp-block-cover is-light banner-campsite\" style=\"border-top-left-radius:200px;border-top-right-radius:198px;border-bottom-right-radius:200px;padding-right:var(--wp--preset--spacing--10);padding-left:var(--wp--preset--spacing--10);min-height:550px;aspect-ratio:unset;\"><span aria-hidden=\"true\" class=\"wp-block-cover__background has-custom-color-3-background-color has-background-dim-0 has-background-dim\"><\/span><img decoding=\"async\" width=\"1000\" height=\"700\" class=\"wp-block-cover__image-background wp-image-859\" alt=\"vin du languedoc\" src=\"https:\/\/www.domainesainteveziane.com\/wp-content\/uploads\/sites\/4\/2025\/03\/vin-du-languedoc.jpg\" data-object-fit=\"cover\" srcset=\"https:\/\/www.domainesainteveziane.com\/wp-content\/uploads\/sites\/4\/2025\/03\/vin-du-languedoc.jpg 1000w, https:\/\/www.domainesainteveziane.com\/wp-content\/uploads\/sites\/4\/2025\/03\/vin-du-languedoc-300x210.jpg 300w, https:\/\/www.domainesainteveziane.com\/wp-content\/uploads\/sites\/4\/2025\/03\/vin-du-languedoc-768x538.jpg 768w\" sizes=\"(max-width: 1000px) 100vw, 1000px\" \/><div class=\"wp-block-cover__inner-container has-global-padding is-layout-constrained wp-container-core-cover-is-layout-b13d32f8 wp-block-cover-is-layout-constrained\">\n<p class=\"has-text-align-center has-base-2-color has-text-color has-link-color has-josefin-sans-font-family wp-elements-b7704211c7f18bd55eba3f666780857c\" style=\"font-size:clamp(1.198rem, 1.198rem + ((1vw - 0.2rem) * 0.952), 1.9rem);font-style:normal;font-weight:400;line-height:1.2\">Wijn en gastronomie<\/p>\n<\/div><\/div>\n<\/a><\/div>\n\n\n\n<div class=\"wp-block-column is-layout-flow wp-block-column-is-layout-flow\"><a href=\"https:\/\/www.domainesainteveziane.com\/nl\/toerisme-herault\/pezenas\/\"    class=\"campsite-item wp-block-tiptip-hyperlink-group-block\" >\n<div data-swiper=\"{&quot;speed&quot;:1000,&quot;autoplay&quot;:{&quot;delay&quot;:5000,&quot;disableOnInteraction&quot;:false},&quot;spaceBetween&quot;:0,&quot;slidesPerView&quot;:1,&quot;pagination&quot;:{&quot;el&quot;:&quot;.swiper-pagination&quot;,&quot;dynamicBullets&quot;:true,&quot;clickable&quot;:true,&quot;type&quot;:&quot;bullets&quot;},&quot;navigation&quot;:{&quot;nextEl&quot;:&quot;.swiper-button-next&quot;,&quot;prevEl&quot;:&quot;.swiper-button-prev&quot;},&quot;breakpoints&quot;:[{&quot;slidesPerView&quot;:1}]}\" class=\"wp-block-cover banner-campsite\" style=\"border-top-left-radius:200px;border-top-right-radius:200px;border-bottom-right-radius:200px;padding-right:var(--wp--preset--spacing--10);padding-left:var(--wp--preset--spacing--10);min-height:550px;aspect-ratio:unset;\"><span aria-hidden=\"true\" class=\"wp-block-cover__background has-custom-color-3-background-color has-background-dim-0 has-background-dim\"><\/span><img decoding=\"async\" width=\"400\" height=\"640\" class=\"wp-block-cover__image-background wp-image-2684\" alt=\"tourisme pezenas\" src=\"https:\/\/www.domainesainteveziane.com\/wp-content\/uploads\/sites\/4\/2025\/03\/tourisme-pezenas.jpg\" data-object-fit=\"cover\" srcset=\"https:\/\/www.domainesainteveziane.com\/wp-content\/uploads\/sites\/4\/2025\/03\/tourisme-pezenas.jpg 400w, https:\/\/www.domainesainteveziane.com\/wp-content\/uploads\/sites\/4\/2025\/03\/tourisme-pezenas-188x300.jpg 188w\" sizes=\"(max-width: 400px) 100vw, 400px\" \/><div class=\"wp-block-cover__inner-container has-global-padding is-layout-constrained wp-container-core-cover-is-layout-b13d32f8 wp-block-cover-is-layout-constrained\">\n<p class=\"has-text-align-center has-base-2-color has-text-color has-link-color has-josefin-sans-font-family wp-elements-ed8bb5c09d018d2b765119b360595c36\" style=\"font-size:clamp(1.198rem, 1.198rem + ((1vw - 0.2rem) * 0.952), 1.9rem);line-height:1.3\">P\u00e9zenas<\/p>\n<\/div><\/div>\n<\/a><\/div>\n<\/div>\n<\/div>\n<\/section>\n","protected":false},"excerpt":{"rendered":"<p>Toerisme in Marseillan in de buurt van onze camping Marseillan, niet ver van Cap d&#8217;Agde en genesteld aan de rand van het Etang du Thau, is een klein stadje in Frankrijk, gelegen in de regio Occitanie in het departement H\u00e9rault. Het heeft een mediterraan klimaat, met zachte winters en majestueuze zonneschijn. Het dorp staat vol [&hellip;]<\/p>\n","protected":false},"author":1,"featured_media":1643,"parent":2940,"menu_order":0,"comment_status":"closed","ping_status":"closed","template":"","meta":{"_acf_changed":false,"_seopress_robots_primary_cat":"","_seopress_titles_title":"Toerisme Marseillan | Activiteiten en bezoeken van Marseillan | Camping bij Marseillan","_seopress_titles_desc":"Ontdek de stad Marseillan door te verblijven op Domaine Saint V\u00e9ziane in Bessan (15 min). Een 5-sterrencamping met alle comfort en een waterpark. ","_seopress_robots_index":"","inline_featured_image":false,"gt_fse_maillage_image":"https:\/\/www.domainesainteveziane.com\/wp-content\/uploads\/sites\/4\/2025\/03\/camping-famille-proche-de-marseillan.jpg","gt_fse_maillage_titre":"Marseillan","gt_fse_maillage_alt":"Marseillan","gt_fse_maillage_resume":"","footnotes":""},"categories":[],"tags":[],"class_list":["post-2990","page","type-page","status-publish","has-post-thumbnail","hentry"],"acf":[],"_links":{"self":[{"href":"https:\/\/www.domainesainteveziane.com\/nl\/wp-json\/wp\/v2\/pages\/2990","targetHints":{"allow":["GET"]}}],"collection":[{"href":"https:\/\/www.domainesainteveziane.com\/nl\/wp-json\/wp\/v2\/pages"}],"about":[{"href":"https:\/\/www.domainesainteveziane.com\/nl\/wp-json\/wp\/v2\/types\/page"}],"author":[{"embeddable":true,"href":"https:\/\/www.domainesainteveziane.com\/nl\/wp-json\/wp\/v2\/users\/1"}],"replies":[{"embeddable":true,"href":"https:\/\/www.domainesainteveziane.com\/nl\/wp-json\/wp\/v2\/comments?post=2990"}],"version-history":[{"count":3,"href":"https:\/\/www.domainesainteveziane.com\/nl\/wp-json\/wp\/v2\/pages\/2990\/revisions"}],"predecessor-version":[{"id":3123,"href":"https:\/\/www.domainesainteveziane.com\/nl\/wp-json\/wp\/v2\/pages\/2990\/revisions\/3123"}],"up":[{"embeddable":true,"href":"https:\/\/www.domainesainteveziane.com\/nl\/wp-json\/wp\/v2\/pages\/2940"}],"wp:featuredmedia":[{"embeddable":true,"href":"https:\/\/www.domainesainteveziane.com\/nl\/wp-json\/wp\/v2\/media\/1643"}],"wp:attachment":[{"href":"https:\/\/www.domainesainteveziane.com\/nl\/wp-json\/wp\/v2\/media?parent=2990"}],"wp:term":[{"taxonomy":"category","embeddable":true,"href":"https:\/\/www.domainesainteveziane.com\/nl\/wp-json\/wp\/v2\/categories?post=2990"},{"taxonomy":"post_tag","embeddable":true,"href":"https:\/\/www.domainesainteveziane.com\/nl\/wp-json\/wp\/v2\/tags?post=2990"}],"curies":[{"name":"wp","href":"https:\/\/api.w.org\/{rel}","templated":true}]}}